{"id":157,"date":"2019-08-21T01:46:34","date_gmt":"2019-08-20T23:46:34","guid":{"rendered":"https:\/\/welten-institut.de\/?page_id=157"},"modified":"2019-09-26T17:40:56","modified_gmt":"2019-09-26T15:40:56","slug":"impressum","status":"publish","type":"page","link":"https:\/\/welten-institut.de\/fr\/impressum\/","title":{"rendered":"Informations l\u00e9gales"},"content":{"rendered":"<p>Ce site est \u00e9dit\u00e9 par :<br \/>\nClara Welten, dit \u00abL&rsquo;\u00e9diteur\u00bb, dont le CABINET est domicili\u00e9 au 7d, rue du Tempelhofer Berg, 10965, BERLIN, ALLEMAGNE<\/p>\n<p>T\u00e9l\u00e9phone :\u00a00049\/30\/46998761<br \/>\nEmail : <a href=\"kontakt@clarawelten.de\">kontakt@clarawelten.de<\/a><\/p>\n<p>Le site est h\u00e9berg\u00e9 par \u00ab\u00a0ALL-INKL.COM &#8211; Neue Medien M\u00fcnnich\u00a0\u00bb, Hauptstra\u00dfe 68, 02742 FRIEDERSDORF, ALLEMAGNE, T\u00e9l\u00e9phone : +49 35872 353-10<\/p>\n<h2>Art. 1 Conditions d&rsquo;utilisation<\/h2>\n<p>Toute personne qui acc\u00e8de au site\u00a0\u00a0s&rsquo;engage \u00e0 respecter les pr\u00e9sentes conditions g\u00e9n\u00e9rales d&rsquo;utilisation, qui pourront pour certains services \u00eatre compl\u00e9t\u00e9es par des conditions particuli\u00e8res.<\/p>\n<p>L\u2019\u00e9diteur se r\u00e9serve le droit de modifier et de mettre \u00e0 jour \u00e0 tout moment l&rsquo;acc\u00e8s au Site ainsi que les Conditions G\u00e9n\u00e9rales. Ces modifications et mises \u00e0 jour s&rsquo;imposent \u00e0 l&rsquo;utilisateur qui doit en cons\u00e9quence se r\u00e9f\u00e9rer r\u00e9guli\u00e8rement \u00e0 cette rubrique pour v\u00e9rifier les Conditions G\u00e9n\u00e9rales en vigueur.<\/p>\n<h2>Art. 2 Donn\u00e9es personnelles et autres donn\u00e9es<\/h2>\n<p><b>2.1<\/b> Les donn\u00e9es sont exclusivement destin\u00e9es \u00e0 l\u2019\u00e9diteur\u00e0 des fins d\u2019enqu\u00eates, d\u2019analyses, de communications institutionnelles ou d\u2019op\u00e9rations relatives \u00e0 la gestion clients. Ces informations sont confidentielles et conserv\u00e9es par l\u2019\u00e9diteur. Conform\u00e9ment \u00e0 la loi \u00ab Informatique et Libert\u00e9s \u00bb du 06\/01\/78, vous disposez d&rsquo;un droit d&rsquo;acc\u00e8s, de rectification et de suppression de ces donn\u00e9es ainsi que d\u2019un droit de vous opposer \u00e0 ce que ces donn\u00e9es fassent l&rsquo;objet d&rsquo;un traitement en nous contactant par e-mail \u00e0 l\u2019adresse suivante :<\/p>\n<p>Vos demandes devront \u00eatre sign\u00e9es et accompagn\u00e9es de la photocopie d\u2019un titre d\u2019identit\u00e9 portant la signature du titulaire. La demande devra pr\u00e9ciser l\u2019adresse \u00e0 laquelle devra parvenir la r\u00e9ponse. L\u2019\u00e9diteur disposera d\u2019un d\u00e9lai de 2 mois pour r\u00e9pondre suivant r\u00e9ception de la demande.<\/p>\n<p>Dans l\u2019hypoth\u00e8se o\u00f9 vous avez accept\u00e9, dans nos formulaires, de recevoir par email des informations et sollicitations \u00e9manant de notre soci\u00e9t\u00e9, vous aurez \u00e0 tout moment la facult\u00e9 de revenir sur cette d\u00e9cision en envoyant un mail avec pour objet \u00ab d\u00e9sabonnement \u00bb \u00e0 l\u2019adresse suivante : psy@wioland.com.<\/p>\n<p><b>2.2<\/b> Conform\u00e9ment \u00e0 l\u2019article 6 de la Loi du 21 juin 2004 pour la confiance en l\u2019\u00e9conomie num\u00e9rique, l&rsquo;h\u00e9bergeur conservera vos donn\u00e9es de connexion, couvertes par le secret professionnel et trait\u00e9es dans le respect des dispositions l\u00e9gales en mati\u00e8re de donn\u00e9es personnelles.<\/p>\n<h2>Art. 3 Liens hypertextes<\/h2>\n<p>Si vous souhaitez mettre en place un lien hypertexte vers notre Site, vous devez en cons\u00e9quence prendre contact avec le Responsable du Site. L\u2019\u00e9diteur ne peut en aucun cas \u00eatre tenu (e) pour responsable du contenu des sites qui font l&rsquo;objet d&rsquo;un lien hypertexte \u00e0 partir du pr\u00e9sent Site.<\/p>\n<h2>Art. 5 Contenu du Site<\/h2>\n<p>L\u2019\u00e9diteur, l\u2019h\u00e9bergeur et, plus g\u00e9n\u00e9ralement, toute soci\u00e9t\u00e9 contribuant \u00e0 la conception, \u00e0 la r\u00e9alisation et \u00e0 la mise en ligne de ce Site s\u2019efforcent d\u2019assurer l\u2019exactitude et la mise \u00e0 jour r\u00e9guli\u00e8re des informations diffus\u00e9es sur ce Site. L\u2019\u00e9diteur et les prestataires pr\u00e9cit\u00e9s se r\u00e9servent le droit de corriger et modifier \u00e0 tout moment le contenu du Site sans que leur responsabilit\u00e9 puisse \u00eatre engag\u00e9e de ce fait, l\u2019\u00e9diteurpouvant apporter \u00e0 tout moment des am\u00e9liorations et\/ou changements au(x) service(s) d\u00e9crits sur ce Site.<\/p>\n<h2>Art. 6 Contenu manifestement illicite<\/h2>\n<p>Conform\u00e9ment \u00e0 la loi du 21 juin 2004 pour la confiance dans l\u2019\u00e9conomie, vous pouvez alerter l\u2019h\u00e9bergeur de la pr\u00e9sence d\u2019un contenu que vous consid\u00e9rez comme illicite en envoyant un courrier \u00e0 l&rsquo;adresse figurant en haut de l&rsquo;article. L\u2019h\u00e9bergeur appr\u00e9ciera le caract\u00e8re illicite des contenus port\u00e9s \u00e0 sa connaissance.<\/p>\n<p>Le fait, pour toute personne, de pr\u00e9senter un contenu ou une activit\u00e9 comme \u00e9tant illicite dans le but d&rsquo;en obtenir le retrait ou d&rsquo;en faire cesser la diffusion, alors qu&rsquo;elle sait cette information inexacte, est puni d&rsquo;un an d&#8217;emprisonnement et de 15 000 euros d&rsquo;amende.<\/p>\n<h2>Art. 7 Droit applicable<\/h2>\n<p>Les pr\u00e9sentes Conditions G\u00e9n\u00e9rales sont soumises au droit interne fran\u00e7ais.<\/p>\n","protected":false},"excerpt":{"rendered":"<p>Ce site est \u00e9dit\u00e9 par : Clara Welten, dit \u00abL&rsquo;\u00e9diteur\u00bb, dont le CABINET est domicili\u00e9 au 7d, rue du Tempelhofer Berg, 10965, BERLIN, ALLEMAGNE T\u00e9l\u00e9phone :\u00a00049\/30\/46998761 Email : kontakt@clarawelten.de Le site est h\u00e9berg\u00e9 par \u00ab\u00a0ALL-INKL.COM &#8211; Neue Medien M\u00fcnnich\u00a0\u00bb, Hauptstra\u00dfe 68, 02742 FRIEDERSDORF, ALLEMAGNE, T\u00e9l\u00e9phone : +49 35872 353-10 Art. 1 Conditions d&rsquo;utilisation Toute personne &hellip; <a href=\"https:\/\/welten-institut.de\/fr\/impressum\/\" class=\"more-link\">Continuer la lecture de <span class=\"screen-reader-text\">Informations l\u00e9gales<\/span><\/a><\/p>\n","protected":false},"author":2,"featured_media":0,"parent":0,"menu_order":0,"comment_status":"closed","ping_status":"closed","template":"","meta":{"inline_featured_image":false,"footnotes":""},"class_list":["post-157","page","type-page","status-publish","hentry"],"_links":{"self":[{"href":"https:\/\/welten-institut.de\/fr\/wp-json\/wp\/v2\/pages\/157","targetHints":{"allow":["GET"]}}],"collection":[{"href":"https:\/\/welten-institut.de\/fr\/wp-json\/wp\/v2\/pages"}],"about":[{"href":"https:\/\/welten-institut.de\/fr\/wp-json\/wp\/v2\/types\/page"}],"author":[{"embeddable":true,"href":"https:\/\/welten-institut.de\/fr\/wp-json\/wp\/v2\/users\/2"}],"replies":[{"embeddable":true,"href":"https:\/\/welten-institut.de\/fr\/wp-json\/wp\/v2\/comments?post=157"}],"version-history":[{"count":12,"href":"https:\/\/welten-institut.de\/fr\/wp-json\/wp\/v2\/pages\/157\/revisions"}],"predecessor-version":[{"id":1126,"href":"https:\/\/welten-institut.de\/fr\/wp-json\/wp\/v2\/pages\/157\/revisions\/1126"}],"wp:attachment":[{"href":"https:\/\/welten-institut.de\/fr\/wp-json\/wp\/v2\/media?parent=157"}],"curies":[{"name":"wp","href":"https:\/\/api.w.org\/{rel}","templated":true}]}}